{"id":12203,"date":"2021-10-21T06:43:46","date_gmt":"2021-10-21T06:43:46","guid":{"rendered":"https:\/\/astiko.eus\/?page_id=12203"},"modified":"2021-11-15T06:23:13","modified_gmt":"2021-11-15T06:23:13","slug":"astiko","status":"publish","type":"page","link":"https:\/\/astiko.eus\/es\/astiko\/","title":{"rendered":"ASTIKO"},"content":{"rendered":"<section class=\"l-section wpb_row us_custom_7a573922 height_medium with_img\"><div class=\"l-section-img\" role=\"img\" aria-label=\"Imagen\" data-img-width=\"1420\" data-img-height=\"500\" style=\"background-image: url(https:\/\/astiko.eus\/wp-content\/uploads\/2021\/10\/02-astiko.jpg);\"><\/div><div class=\"l-section-h i-cf\"><div class=\"g-cols vc_row via_flex valign_top type_default stacking_default\"><div class=\"vc_col-sm-12 wpb_column vc_column_container\"><div class=\"vc_column-inner\"><div class=\"wpb_wrapper\"><\/div><\/div><\/div><\/div><\/div><\/section><section class=\"l-section wpb_row height_small\"><div class=\"l-section-h i-cf\"><div class=\"g-cols vc_row via_flex valign_top type_default stacking_default\"><div class=\"vc_col-sm-12 wpb_column vc_column_container\"><div class=\"vc_column-inner\"><div class=\"wpb_wrapper\"><div class=\"g-cols wpb_row us_custom_2890de20 via_flex valign_top type_default stacking_default\"><div class=\"vc_col-sm-12 wpb_column vc_column_container\"><div class=\"vc_column-inner\"><div class=\"wpb_wrapper\"><nav class=\"g-breadcrumbs us_custom_0a5fe326 separator_icon align_none\" itemscope itemtype=\"http:\/\/schema.org\/BreadcrumbList\"><div class=\"g-breadcrumbs-item\" itemscope itemprop=\"itemListElement\" itemtype=\"http:\/\/schema.org\/ListItem\"><a itemprop=\"item\" href=\"https:\/\/astiko.eus\/es\/\"><span itemprop=\"name\">Inicio<\/span><\/a><meta itemprop=\"position\" content=\"1\"\/><\/div><div class=\"g-breadcrumbs-separator\"><i class=\"far fa-angle-right\"><\/i><\/div><div class=\"g-breadcrumbs-item\">P\u00e1ginas<\/div><\/nav><\/div><\/div><\/div><\/div><\/div><\/div><\/div><\/div><\/div><\/section><section class=\"l-section wpb_row height_small\"><div class=\"l-section-h i-cf\"><div class=\"g-cols vc_row via_flex valign_top type_default stacking_default\"><div class=\"vc_col-sm-12 wpb_column vc_column_container\"><div class=\"vc_column-inner\"><div class=\"wpb_wrapper\">[vc_custom_heading text=\u00bbSomos Astiko\u00bb font_container=\u00bbtag:h2|text_align:center\u00bb use_theme_fonts=\u00bbyes\u00bb]<div class=\"g-cols wpb_row via_flex valign_top type_default stacking_default\"><div class=\"vc_col-sm-6 wpb_column vc_column_container\"><div class=\"vc_column-inner us_custom_57f5615c\"><div class=\"wpb_wrapper\"><div class=\"w-image align_none\"><div class=\"w-image-h\"><img decoding=\"async\" width=\"740\" height=\"656\" src=\"https:\/\/astiko.eus\/wp-content\/uploads\/2021\/10\/merkatari.png\" class=\"attachment-large size-large\" alt=\"\" loading=\"lazy\" srcset=\"https:\/\/astiko.eus\/wp-content\/uploads\/2021\/10\/merkatari.png 740w, https:\/\/astiko.eus\/wp-content\/uploads\/2021\/10\/merkatari-300x266.png 300w, https:\/\/astiko.eus\/wp-content\/uploads\/2021\/10\/merkatari-600x532.png 600w, https:\/\/astiko.eus\/wp-content\/uploads\/2021\/10\/merkatari-100x89.png 100w\" sizes=\"auto, (max-width: 740px) 100vw, 740px\" \/><\/div><\/div><\/div><\/div><\/div><div class=\"vc_col-sm-6 wpb_column vc_column_container has_bg_color\"><div class=\"vc_column-inner us_custom_17f42043\"><div class=\"wpb_wrapper\">[vc_custom_heading text=\u00bbAsociaci\u00f3n de comerciantes, hosteleros y servicios de Astigarraga\u00bb font_container=\u00bbtag:h4|text_align:left\u00bb use_theme_fonts=\u00bbyes\u00bb]<div class=\"wpb_text_column us_custom_baac633b has_text_color\"><div class=\"wpb_wrapper\"><p> La asociaci\u00f3n Astiko est\u00e1 formada por establecimientos locales de Astigarraga. Fue creada el 5 de mayo de 2008 por iniciativa de comerciantes, hosteleras y hosteleros y servicios locales. Durante todo el a\u00f1o organizan diversas iniciativas y actividades para dar vida al pueblo.<\/p>\n<\/div><\/div><\/div><\/div><\/div><\/div><div class=\"g-cols wpb_row via_flex valign_top type_default stacking_default\"><div class=\"vc_col-sm-6 wpb_column vc_column_container has_bg_color\"><div class=\"vc_column-inner us_custom_ea6f9640\"><div class=\"wpb_wrapper\">[vc_custom_heading text=\u00bbCon el objetivo de defender los intereses comunes del sector\u00bb font_container=\u00bbtag:h4|text_align:left\u00bb use_theme_fonts=\u00bbyes\u00bb]<div class=\"wpb_text_column us_custom_baac633b has_text_color\"><div class=\"wpb_wrapper\"><p>Desde su constituci\u00f3n, los fines de la asociaci\u00f3n son los siguientes:<\/p>\n<ul>\n<li>La representaci\u00f3n, gesti\u00f3n, defensa y promoci\u00f3n de los intereses econ\u00f3micos, profesionales, sociales y culturales de sus establecimientos asociados.<\/li>\n<li>Programar las acciones necesarias para conseguir mejorar sociales y econ\u00f3micas para sus asociadas y asociados.<\/li>\n<li>Organizar constantemente labor formativa y de promoci\u00f3n cultural de sus asociadas y asociados.<\/li>\n<li>Mediar con los organismos y autoridades pertinentes para la obtenci\u00f3n de mejoras del entorno.<\/li>\n<li>Organizar actos y campa\u00f1as para la promoci\u00f3n de sus establecimientos asociados.<\/li>\n<\/ul>\n<\/div><\/div><\/div><\/div><\/div><div class=\"vc_col-sm-6 wpb_column vc_column_container\"><div class=\"vc_column-inner us_custom_57f5615c\"><div class=\"wpb_wrapper\"><div class=\"w-image align_none\"><div class=\"w-image-h\"><img decoding=\"async\" width=\"1024\" height=\"768\" src=\"https:\/\/astiko.eus\/wp-content\/uploads\/2021\/11\/IMG_20201221_140620-1024x768.jpg\" class=\"attachment-large size-large\" alt=\"\" loading=\"lazy\" srcset=\"https:\/\/astiko.eus\/wp-content\/uploads\/2021\/11\/IMG_20201221_140620-1024x768.jpg 1024w, https:\/\/astiko.eus\/wp-content\/uploads\/2021\/11\/IMG_20201221_140620-300x225.jpg 300w, https:\/\/astiko.eus\/wp-content\/uploads\/2021\/11\/IMG_20201221_140620-600x450.jpg 600w, https:\/\/astiko.eus\/wp-content\/uploads\/2021\/11\/IMG_20201221_140620-100x75.jpg 100w\" sizes=\"auto, (max-width: 1024px) 100vw, 1024px\" \/><\/div><\/div><\/div><\/div><\/div><\/div><\/div><\/div><\/div><\/div><\/div><\/section><section class=\"l-section wpb_row us_custom_b91424ac height_small width_full\"><div class=\"l-section-h i-cf\"><div class=\"g-cols vc_row via_flex valign_top type_default stacking_default\"><div class=\"vc_col-sm-12 wpb_column vc_column_container\"><div class=\"vc_column-inner\"><div class=\"wpb_wrapper\"><section class=\"l-section wpb_row us_custom_d87483d0 height_medium\"><div class=\"l-section-h i-cf\"><div class=\"g-cols vc_row via_flex valign_top type_default stacking_default\"><div class=\"vc_col-sm-12 wpb_column vc_column_container\"><div class=\"vc_column-inner\"><div class=\"wpb_wrapper\">[vc_custom_heading text=\u00bbSOMOS ASTIKO\u00bb font_container=\u00bbtag:h2|text_align:center\u00bb use_theme_fonts=\u00bbyes\u00bb css=\u00bb%7B%22default%22%3A%7B%22color%22%3A%22%23ffffff%22%2C%22text-align%22%3A%22center%22%7D%7D\u00bb][vc_raw_html]JTVCYXN0aWtvLWRlbmRhay1jYXJvdXNlbCU1RA==[\/vc_raw_html]<div class=\"w-separator size_medium\"><\/div><div class=\"w-btn-wrapper align_center\"><a class=\"w-btn us-btn-style_1\" title=\"Asociados\" href=\"http:\/\/astiko.eus\/es\/asociados\/\"><span class=\"w-btn-label\">LISTADO DE ASOCIADOS<\/span><\/a><\/div><\/div><\/div><\/div><\/div><\/div><\/section>\n<\/div><\/div><\/div><\/div><\/div><\/section><section class=\"l-section wpb_row us_custom_33fe73d0 height_small width_full\"><div class=\"l-section-h i-cf\"><div class=\"g-cols vc_row via_flex valign_top type_default stacking_default\"><div class=\"vc_col-sm-12 wpb_column vc_column_container\"><div class=\"vc_column-inner\"><div class=\"wpb_wrapper\"><section class=\"l-section wpb_row us_custom_96b07118 has_text_color height_huge width_full\"><div class=\"l-section-h i-cf\"><div class=\"g-cols vc_row via_flex valign_top type_default stacking_default\"><div class=\"vc_col-sm-12 wpb_column vc_column_container\"><div class=\"vc_column-inner\"><div class=\"wpb_wrapper\"><div class=\"wpb_text_column\"><div class=\"wpb_wrapper\"><p>COMERCIANTES, SERVICIOS Y HOSTELEROS<\/p>\n<\/div><\/div><div class=\"wpb_text_column us_custom_4f29307d\"><div class=\"wpb_wrapper\"><p><strong>Ponte en contacto<\/strong> y forma parte<br \/>\nde <strong>ASTIKO<\/strong><\/p>\n<\/div><\/div><div class=\"w-btn-wrapper align_none\"><a class=\"w-btn us-btn-style_7\" title=\"Contacto\" href=\"http:\/\/astiko.eus\/es\/contacto\/\"><span class=\"w-btn-label\">CONTACTAR<\/span><\/a><\/div><\/div><\/div><\/div><\/div><\/div><\/section>\n<\/div><\/div><\/div><\/div><\/div><\/section>\n","protected":false},"excerpt":{"rendered":"InicioP\u00e1ginas[vc_custom_heading text=\"Somos Astiko\" font_container=\"tag:h2|text_align:center\" use_theme_fonts=\"yes\"][vc_custom_heading text=\"Asociaci\u00f3n de comerciantes, hosteleros y servicios de Astigarraga\" font_container=\"tag:h4|text_align:left\" use_theme_fonts=\"yes\"] La asociaci\u00f3n Astiko est\u00e1 formada por establecimientos locales de Astigarraga. Fue creada el 5 de mayo de 2008 por iniciativa de comerciantes, hosteleras y hosteleros y servicios locales. Durante todo el a\u00f1o organizan diversas iniciativas y actividades para dar vida...","protected":false},"author":1,"featured_media":0,"parent":0,"menu_order":0,"comment_status":"closed","ping_status":"closed","template":"","meta":{"_acf_changed":false,"footnotes":""},"class_list":["post-12203","page","type-page","status-publish","hentry"],"acf":[],"_links":{"self":[{"href":"https:\/\/astiko.eus\/es\/wp-json\/wp\/v2\/pages\/12203","targetHints":{"allow":["GET"]}}],"collection":[{"href":"https:\/\/astiko.eus\/es\/wp-json\/wp\/v2\/pages"}],"about":[{"href":"https:\/\/astiko.eus\/es\/wp-json\/wp\/v2\/types\/page"}],"author":[{"embeddable":true,"href":"https:\/\/astiko.eus\/es\/wp-json\/wp\/v2\/users\/1"}],"replies":[{"embeddable":true,"href":"https:\/\/astiko.eus\/es\/wp-json\/wp\/v2\/comments?post=12203"}],"version-history":[{"count":7,"href":"https:\/\/astiko.eus\/es\/wp-json\/wp\/v2\/pages\/12203\/revisions"}],"predecessor-version":[{"id":13362,"href":"https:\/\/astiko.eus\/es\/wp-json\/wp\/v2\/pages\/12203\/revisions\/13362"}],"wp:attachment":[{"href":"https:\/\/astiko.eus\/es\/wp-json\/wp\/v2\/media?parent=12203"}],"curies":[{"name":"wp","href":"https:\/\/api.w.org\/{rel}","templated":true}]}}